{"id":1109,"date":"2019-11-12T11:01:15","date_gmt":"2019-11-12T10:01:15","guid":{"rendered":"http:\/\/cuiaba-dev.elemultisite.eleusal.com\/?page_id=1109"},"modified":"2021-06-04T10:27:39","modified_gmt":"2021-06-04T08:27:39","slug":"blog","status":"publish","type":"page","link":"https:\/\/cuiaba.eleusal.com\/es\/blog\/","title":{"rendered":"Blog"},"content":{"rendered":"<p>[vc_row css_animation=\u00bb\u00bb row_type=\u00bbrow\u00bb use_row_as_full_screen_section=\u00bbno\u00bb type=\u00bbfull_width\u00bb angled_section=\u00bbno\u00bb text_align=\u00bbleft\u00bb background_image_as_pattern=\u00bbwithout_pattern\u00bb][vc_column][vc_column_text]<\/p>\n<h1 class=\"titulo-home\">BLOG ELE USAL CUIAB\u00c1<\/h1>\n<p>[\/vc_column_text]<div class='q_masonry_blog'><div class=\"q_masonry_blog_grid_sizer\"><\/div><div class=\"q_masonry_blog_grid_gutter\"><\/div><article  class='post-1595 post type-post status-publish format-standard hentry category-sin-categorizar '><div class=\"q_masonry_blog_post_image\"><\/div><div class=\"q_masonry_blog_post_text\"><h5 itemprop=\"name\" class=\"q_masonry_blog_title entry_title\"><a itemprop=\"url\" href=\"https:\/\/cuiaba.eleusal.com\/es\/aplicacion-de-test-de-cultura-y-lengua-espanola-en-ifmt-campus-de-varzea-grande\/\">Aplicaci\u00f3n de Test de Cultura y Lengua Espa\u00f1ola en IFMT- Campus de Varzea Grande<\/a><\/h5><p itemprop=\"description\" class=\"q_masonry_blog_excerpt\">La escuela ELE USAL Cuiab\u00e1, a trav\u00e9s de sus Directores Sra. Uyara Magalh\u00e3es de Melo y Sr. Jorge Caballero Fiel, junto con el Jefe de Departamento de Ense\u00f1anza de IFMT \u2013 Campus Varzea Grande, Prof Kleberson Pierre Cardoso, realizaron el Test de Cultura y Lengua......<\/p><div class=\"q_masonry_blog_post_info\"><span itemprop=\"dateCreated\" class=\"time entry_date updated\">10 septiembre, 2020<meta itemprop=\"interactionCount\" content=\"UserComments: <?php echo get_comments_number(qode_get_page_id()); ?>\"\/><\/span> \/ <a itemprop=\"url\" class=\"post_comments\" href=\"https:\/\/cuiaba.eleusal.com\/es\/aplicacion-de-test-de-cultura-y-lengua-espanola-en-ifmt-campus-de-varzea-grande\/#respond\">No comment<\/a><\/div><\/div><\/article><article  class='post-1472 post type-post status-publish format-standard hentry category-sin-categorizar '><div class=\"q_masonry_blog_post_image\"><\/div><div class=\"q_masonry_blog_post_text\"><h5 itemprop=\"name\" class=\"q_masonry_blog_title entry_title\"><a itemprop=\"url\" href=\"https:\/\/cuiaba.eleusal.com\/es\/convenio-de-cooperacion-entre-la-escuela-ele-usal-cuiaba-y-la-facultad-catolica-de-mato-grosso\/\">Convenio de Cooperaci\u00f3n entre la escuela ELE USAL Cuiab\u00e1 y la Facultad Cat\u00f3lica de Mato Grosso.<\/a><\/h5><p itemprop=\"description\" class=\"q_masonry_blog_excerpt\">La escuela ELE USAL Cuiab\u00e1, a trav\u00e9s de sus diretores Uyara Magalh\u00e3es de Melo y Jorge Caballero Fiel, firman um convenio de cooperaci\u00f3n con la Facultad Cat\u00f3lica de Mato Grosso, representado por su Director General Pe. Edson Sestari.\u00a0 La Facultad Cat\u00f3lica de Mato Grosso tiene......<\/p><div class=\"q_masonry_blog_post_info\"><span itemprop=\"dateCreated\" class=\"time entry_date updated\">10 septiembre, 2020<meta itemprop=\"interactionCount\" content=\"UserComments: <?php echo get_comments_number(qode_get_page_id()); ?>\"\/><\/span> \/ <a itemprop=\"url\" class=\"post_comments\" href=\"https:\/\/cuiaba.eleusal.com\/es\/convenio-de-cooperacion-entre-la-escuela-ele-usal-cuiaba-y-la-facultad-catolica-de-mato-grosso\/#respond\">No comment<\/a><\/div><\/div><\/article><article  class='post-1678 post type-post status-publish format-standard hentry category-sin-categorizar '><div class=\"q_masonry_blog_post_image\"><\/div><div class=\"q_masonry_blog_post_text\"><h5 itemprop=\"name\" class=\"q_masonry_blog_title entry_title\"><a itemprop=\"url\" href=\"https:\/\/cuiaba.eleusal.com\/es\/iv-programa-de-intercambio-aplicacion-del-test-de-lengua-y-cultura-espanola-en-ifmt-campus-de-varzea-grande\/\">IV Programa de Intercambio &#8211; Aplicaci\u00f3n del Test de Lengua y Cultura Espa\u00f1ola en IFMT- Campus de V\u00e1rzea Grande<\/a><\/h5><p itemprop=\"description\" class=\"q_masonry_blog_excerpt\">La escuela ELE USAL Cuiab\u00e1, a trav\u00e9s de sus Directores Sra. Uyara Magalh\u00e3es de Melo y Sr. Jorge Caballero Fiel, junto con el Coordinador de Extensi\u00f3n Docente de IFMT &#8211; Campus V\u00e1rzea Grande, Profa. Gabrielly Cristhiane Oliveira e Silva, realiz\u00f3 la prueba de Cultura y......<\/p><div class=\"q_masonry_blog_post_info\"><span itemprop=\"dateCreated\" class=\"time entry_date updated\">05 julio, 2021<meta itemprop=\"interactionCount\" content=\"UserComments: <?php echo get_comments_number(qode_get_page_id()); ?>\"\/><\/span> \/ <a itemprop=\"url\" class=\"post_comments\" href=\"https:\/\/cuiaba.eleusal.com\/es\/iv-programa-de-intercambio-aplicacion-del-test-de-lengua-y-cultura-espanola-en-ifmt-campus-de-varzea-grande\/#respond\">No comment<\/a><\/div><\/div><\/article><article  class='post-1561 post type-post status-publish format-standard hentry category-sin-categorizar '><div class=\"q_masonry_blog_post_image\"><\/div><div class=\"q_masonry_blog_post_text\"><h5 itemprop=\"name\" class=\"q_masonry_blog_title entry_title\"><a itemprop=\"url\" href=\"https:\/\/cuiaba.eleusal.com\/es\/participacion-de-la-escuela-ele-usal-cuiaba-en-el-1-forum-de-relacoes-internacionais-do-ifmt\/\">Participaci\u00f3n de la Escuela ELE USAL Cuiab\u00e1 en el 1\u00b0 F\u00f3rum de Rela\u00e7\u00f5es Internacionais do IFMT<\/a><\/h5><p itemprop=\"description\" class=\"q_masonry_blog_excerpt\">La escuela ELE USAL Cuiab\u00e1 particip\u00f3 del 1\u00b0 F\u00f3rum de Rela\u00e7\u00f5es Internacionais do IFMT\u00a0\u00a0celebrado en la ciudad de Cuiab\u00e1 en el Centro de Eventos SENAI, con la presencia del Rector de la Instituto Federal de Mato Grosso Excmo. Sr. Jos\u00e9\u00a0Bispo\u00a0Barbosa y la Directora de Relaciones......<\/p><div class=\"q_masonry_blog_post_info\"><span itemprop=\"dateCreated\" class=\"time entry_date updated\">10 septiembre, 2020<meta itemprop=\"interactionCount\" content=\"UserComments: <?php echo get_comments_number(qode_get_page_id()); ?>\"\/><\/span> \/ <a itemprop=\"url\" class=\"post_comments\" href=\"https:\/\/cuiaba.eleusal.com\/es\/participacion-de-la-escuela-ele-usal-cuiaba-en-el-1-forum-de-relacoes-internacionais-do-ifmt\/#respond\">No comment<\/a><\/div><\/div><\/article><article  class='post-1534 post type-post status-publish format-standard hentry category-sin-categorizar '><div class=\"q_masonry_blog_post_image\"><\/div><div class=\"q_masonry_blog_post_text\"><h5 itemprop=\"name\" class=\"q_masonry_blog_title entry_title\"><a itemprop=\"url\" href=\"https:\/\/cuiaba.eleusal.com\/es\/participacion-de-la-escuela-ele-usal-cuiaba-en-el-evento-workif-2016\/\">Participaci\u00f3n de la Escuela ELE USAL Cuiab\u00e1 en el evento WORKIF 2016<\/a><\/h5><p itemprop=\"description\" class=\"q_masonry_blog_excerpt\">La escuela ELE USAL Cuiab\u00e1 particip\u00f3 del evento WORKIF 2016 celebrado en la ciudad de Cuiab\u00e1 en el Centro de Eventos Pantanal, con la presencia de diferentes Rectores de Universidades Brasile\u00f1as. Los Directores ELE USAL Cuiab\u00e1 Uyara Magalh\u00e3es de Melo y Jorge Caballero Fiel tuvieron......<\/p><div class=\"q_masonry_blog_post_info\"><span itemprop=\"dateCreated\" class=\"time entry_date updated\">10 septiembre, 2020<meta itemprop=\"interactionCount\" content=\"UserComments: <?php echo get_comments_number(qode_get_page_id()); ?>\"\/><\/span> \/ <a itemprop=\"url\" class=\"post_comments\" href=\"https:\/\/cuiaba.eleusal.com\/es\/participacion-de-la-escuela-ele-usal-cuiaba-en-el-evento-workif-2016\/#respond\">No comment<\/a><\/div><\/div><\/article><article  class='post-1509 post type-post status-publish format-standard hentry category-sin-categorizar '><div class=\"q_masonry_blog_post_image\"><\/div><div class=\"q_masonry_blog_post_text\"><h5 itemprop=\"name\" class=\"q_masonry_blog_title entry_title\"><a itemprop=\"url\" href=\"https:\/\/cuiaba.eleusal.com\/es\/participacion-de-la-escuela-ele-usal-cuiaba-en-forum-sebrae-de-negocios\/\">Participaci\u00f3n de la escuela ELE USAL Cuiab\u00e1 en F\u00f3rum SEBRAE de Neg\u00f3cios<\/a><\/h5><p itemprop=\"description\" class=\"q_masonry_blog_excerpt\">Con motivo de la II \u00a0F\u00f3rum Sebrae Negocios, en el Centro de Eventos Pantanal de la ciudad de Cuiab\u00e1, Estado de Mato Grosso, Brasil, la escuela ELE USAL Cuiab\u00e1, particip\u00f3 auxiliando en la \u201cRodada de Negocios\u201d organizada por SEBRAE para acercar a empresarios del Estado......<\/p><div class=\"q_masonry_blog_post_info\"><span itemprop=\"dateCreated\" class=\"time entry_date updated\">10 septiembre, 2020<meta itemprop=\"interactionCount\" content=\"UserComments: <?php echo get_comments_number(qode_get_page_id()); ?>\"\/><\/span> \/ <a itemprop=\"url\" class=\"post_comments\" href=\"https:\/\/cuiaba.eleusal.com\/es\/participacion-de-la-escuela-ele-usal-cuiaba-en-forum-sebrae-de-negocios\/#respond\">No comment<\/a><\/div><\/div><\/article><article  class='post-1583 post type-post status-publish format-standard hentry category-sin-categorizar '><div class=\"q_masonry_blog_post_image\"><\/div><div class=\"q_masonry_blog_post_text\"><h5 itemprop=\"name\" class=\"q_masonry_blog_title entry_title\"><a itemprop=\"url\" href=\"https:\/\/cuiaba.eleusal.com\/es\/participacion-de-la-escuela-ele-usal-cuiaba-en-la-i-jornada-cientifica-del-ifmt-campus-de-primavera-do-leste\/\">Participaci\u00f3n de la Escuela ELE USAL Cuiab\u00e1 en la I Jornada Cient\u00edfica del IFMT \u2013 Campus de Primavera do Leste<\/a><\/h5><p itemprop=\"description\" class=\"q_masonry_blog_excerpt\">Con motivo de la I Jornada Cient\u00edfica del IFMT del Campus de Primavera de Leste, en el interior del Estado de Mato Grosso, Brasil, la escuela ELE USAL Cuiab\u00e1, particip\u00f3 del Workshop de Relaciones Internacionales, junto con la Directora de Relaciones Internacionales Prof. S\u00f4nia Regina......<\/p><div class=\"q_masonry_blog_post_info\"><span itemprop=\"dateCreated\" class=\"time entry_date updated\">10 septiembre, 2020<meta itemprop=\"interactionCount\" content=\"UserComments: <?php echo get_comments_number(qode_get_page_id()); ?>\"\/><\/span> \/ <a itemprop=\"url\" class=\"post_comments\" href=\"https:\/\/cuiaba.eleusal.com\/es\/participacion-de-la-escuela-ele-usal-cuiaba-en-la-i-jornada-cientifica-del-ifmt-campus-de-primavera-do-leste\/#respond\">No comment<\/a><\/div><\/div><\/article><article  class='post-1486 post type-post status-publish format-standard hentry category-sin-categorizar '><div class=\"q_masonry_blog_post_image\"><\/div><div class=\"q_masonry_blog_post_text\"><h5 itemprop=\"name\" class=\"q_masonry_blog_title entry_title\"><a itemprop=\"url\" href=\"https:\/\/cuiaba.eleusal.com\/es\/participacion-de-la-escuela-ele-usal-cuiaba-en-las-actividades-de-cultura-y-lengua-espanola-en-el-senai-varzea-grande-servico-nacional-de-aprendizagem-industrial\/\">Participaci\u00f3n de la escuela ELE USAL Cuiab\u00e1 en las actividades de Cultura y Lengua Espa\u00f1ola en el SENAI V\u00e1rzea Grande (Servi\u00e7o Nacional de Aprendizagem Industrial).<\/a><\/h5><p itemprop=\"description\" class=\"q_masonry_blog_excerpt\">El Director Jorge Caballero Fiel y la Consul Honor\u00edfica de Espa\u00f1a en el Estado de Mato Grosso Sra. Esther Mendoza, participaron de las actividades de Cultura y Lengua Espa\u00f1ola del SENAI V\u00e1rzea Grande. Los alunos del SENAI realizaron uma representaci\u00f3n en Lengua Espa\u00f1ola sobre situaciones......<\/p><div class=\"q_masonry_blog_post_info\"><span itemprop=\"dateCreated\" class=\"time entry_date updated\">10 septiembre, 2020<meta itemprop=\"interactionCount\" content=\"UserComments: <?php echo get_comments_number(qode_get_page_id()); ?>\"\/><\/span> \/ <a itemprop=\"url\" class=\"post_comments\" href=\"https:\/\/cuiaba.eleusal.com\/es\/participacion-de-la-escuela-ele-usal-cuiaba-en-las-actividades-de-cultura-y-lengua-espanola-en-el-senai-varzea-grande-servico-nacional-de-aprendizagem-industrial\/#respond\">No comment<\/a><\/div><\/div><\/article><article  class='post-1520 post type-post status-publish format-standard hentry category-sin-categorizar '><div class=\"q_masonry_blog_post_image\"><\/div><div class=\"q_masonry_blog_post_text\"><h5 itemprop=\"name\" class=\"q_masonry_blog_title entry_title\"><a itemprop=\"url\" href=\"https:\/\/cuiaba.eleusal.com\/es\/presentacion-de-la-escuela-de-lengua-espanola-de-la-universidad-de-salamanca-a-la-secretaria-municipal-de-educacion-de-varzea-grande\/\">Presentaci\u00f3n de la Escuela de Lengua Espa\u00f1ola de la Universidad de Salamanca a la Secretar\u00eda Municipal de Educaci\u00f3n de Varzea Grande.<\/a><\/h5><p itemprop=\"description\" class=\"q_masonry_blog_excerpt\">Los directores de la Escuela de Lengua Espa\u00f1ola de la Universidad de Salamanca \u2013 ELE USAL Cuiab\u00e1 se reunieron con los T\u00e9cnicos de la formaci\u00f3n de los profesores de espa\u00f1ol del municipio de Varzea Grande para abordar la formaci\u00f3n de los profesores en el municipio.......<\/p><div class=\"q_masonry_blog_post_info\"><span itemprop=\"dateCreated\" class=\"time entry_date updated\">10 septiembre, 2020<meta itemprop=\"interactionCount\" content=\"UserComments: <?php echo get_comments_number(qode_get_page_id()); ?>\"\/><\/span> \/ <a itemprop=\"url\" class=\"post_comments\" href=\"https:\/\/cuiaba.eleusal.com\/es\/presentacion-de-la-escuela-de-lengua-espanola-de-la-universidad-de-salamanca-a-la-secretaria-municipal-de-educacion-de-varzea-grande\/#respond\">No comment<\/a><\/div><\/div><\/article><article  class='post-1513 post type-post status-publish format-standard hentry category-sin-categorizar '><div class=\"q_masonry_blog_post_image\"><\/div><div class=\"q_masonry_blog_post_text\"><h5 itemprop=\"name\" class=\"q_masonry_blog_title entry_title\"><a itemprop=\"url\" href=\"https:\/\/cuiaba.eleusal.com\/es\/presentacion-de-la-escuela-de-lengua-espanola-de-la-universidad-de-salamanca-al-centro-de-recursos-didacticos-del-espanol-crde\/\">Presentaci\u00f3n de la Escuela de Lengua Espa\u00f1ola de la Universidad de Salamanca al Centro de Recursos Did\u00e1cticos del Espa\u00f1ol \u2013 CRDE<\/a><\/h5><p itemprop=\"description\" class=\"q_masonry_blog_excerpt\">La Escuela de Lengua Espa\u00f1ola de la Universidad de Salamanca \u2013 ELEUSAL Cuiab\u00e1 hizo su presentaci\u00f3n en el del Centro de Recursos Did\u00e1cticos del Espa\u00f1ol en la ciudad de Cuiab\u00e1.\u00a0\u00a0 En la reuni\u00f3n estuvo presente el Asesor T\u00e9cnico del Ministerio de Educaci\u00f3n en la Embajada......<\/p><div class=\"q_masonry_blog_post_info\"><span itemprop=\"dateCreated\" class=\"time entry_date updated\">10 septiembre, 2020<meta itemprop=\"interactionCount\" content=\"UserComments: <?php echo get_comments_number(qode_get_page_id()); ?>\"\/><\/span> \/ <a itemprop=\"url\" class=\"post_comments\" href=\"https:\/\/cuiaba.eleusal.com\/es\/presentacion-de-la-escuela-de-lengua-espanola-de-la-universidad-de-salamanca-al-centro-de-recursos-didacticos-del-espanol-crde\/#respond\">No comment<\/a><\/div><\/div><\/article><\/div>[\/vc_column][\/vc_row]<\/p>\n","protected":false},"excerpt":{"rendered":"<p>[vc_row css_animation=\u00bb\u00bb row_type=\u00bbrow\u00bb use_row_as_full_screen_section=\u00bbno\u00bb type=\u00bbfull_width\u00bb angled_section=\u00bbno\u00bb text_align=\u00bbleft\u00bb background_image_as_pattern=\u00bbwithout_pattern\u00bb][vc_column][vc_column_text] BLOG ELE USAL CUIAB\u00c1 [\/vc_column_text][\/vc_column][\/vc_row]<\/p>\n","protected":false},"author":3,"featured_media":0,"parent":0,"menu_order":0,"comment_status":"closed","ping_status":"closed","template":"","meta":{"footnotes":""},"class_list":["post-1109","page","type-page","status-publish","hentry"],"yoast_head":"<!-- This site is optimized with the Yoast SEO plugin v24.2 - https:\/\/yoast.com\/wordpress\/plugins\/seo\/ -->\n<title>Blog - ELE USAL Cuiab\u00e1<\/title>\n<meta name=\"robots\" content=\"index, follow, max-snippet:-1, max-image-preview:large, max-video-preview:-1\" \/>\n<link rel=\"canonical\" href=\"https:\/\/cuiaba.eleusal.com\/es\/blog\/\" \/>\n<meta property=\"og:locale\" content=\"es_ES\" \/>\n<meta property=\"og:type\" content=\"article\" \/>\n<meta property=\"og:title\" content=\"Blog - ELE USAL Cuiab\u00e1\" \/>\n<meta property=\"og:description\" content=\"[vc_row css_animation=\u00bb\u00bb row_type=\u00bbrow\u00bb use_row_as_full_screen_section=\u00bbno\u00bb type=\u00bbfull_width\u00bb angled_section=\u00bbno\u00bb text_align=\u00bbleft\u00bb background_image_as_pattern=\u00bbwithout_pattern\u00bb][vc_column][vc_column_text] BLOG ELE USAL CUIAB\u00c1 [\/vc_column_text][\/vc_column][\/vc_row]\" \/>\n<meta property=\"og:url\" content=\"https:\/\/cuiaba.eleusal.com\/es\/blog\/\" \/>\n<meta property=\"og:site_name\" content=\"ELE USAL Cuiab\u00e1\" \/>\n<meta property=\"article:modified_time\" content=\"2021-06-04T08:27:39+00:00\" \/>\n<meta name=\"twitter:card\" content=\"summary_large_image\" \/>\n<script type=\"application\/ld+json\" class=\"yoast-schema-graph\">{\"@context\":\"https:\/\/schema.org\",\"@graph\":[{\"@type\":\"WebPage\",\"@id\":\"https:\/\/cuiaba.eleusal.com\/es\/blog\/\",\"url\":\"https:\/\/cuiaba.eleusal.com\/es\/blog\/\",\"name\":\"Blog - ELE USAL Cuiab\u00e1\",\"isPartOf\":{\"@id\":\"https:\/\/cuiaba.eleusal.com\/#website\"},\"datePublished\":\"2019-11-12T10:01:15+00:00\",\"dateModified\":\"2021-06-04T08:27:39+00:00\",\"breadcrumb\":{\"@id\":\"https:\/\/cuiaba.eleusal.com\/es\/blog\/#breadcrumb\"},\"inLanguage\":\"es\",\"potentialAction\":[{\"@type\":\"ReadAction\",\"target\":[\"https:\/\/cuiaba.eleusal.com\/es\/blog\/\"]}]},{\"@type\":\"BreadcrumbList\",\"@id\":\"https:\/\/cuiaba.eleusal.com\/es\/blog\/#breadcrumb\",\"itemListElement\":[{\"@type\":\"ListItem\",\"position\":1,\"name\":\"Home\",\"item\":\"https:\/\/cuiaba.eleusal.com\/es\/\"},{\"@type\":\"ListItem\",\"position\":2,\"name\":\"Blog\"}]},{\"@type\":\"WebSite\",\"@id\":\"https:\/\/cuiaba.eleusal.com\/#website\",\"url\":\"https:\/\/cuiaba.eleusal.com\/\",\"name\":\"ELE USAL Cuiab\u00e1\",\"description\":\"ELE USAL\",\"potentialAction\":[{\"@type\":\"SearchAction\",\"target\":{\"@type\":\"EntryPoint\",\"urlTemplate\":\"https:\/\/cuiaba.eleusal.com\/?s={search_term_string}\"},\"query-input\":{\"@type\":\"PropertyValueSpecification\",\"valueRequired\":true,\"valueName\":\"search_term_string\"}}],\"inLanguage\":\"es\"}]}<\/script>\n<!-- \/ Yoast SEO plugin. -->","yoast_head_json":{"title":"Blog - ELE USAL Cuiab\u00e1","robots":{"index":"index","follow":"follow","max-snippet":"max-snippet:-1","max-image-preview":"max-image-preview:large","max-video-preview":"max-video-preview:-1"},"canonical":"https:\/\/cuiaba.eleusal.com\/es\/blog\/","og_locale":"es_ES","og_type":"article","og_title":"Blog - ELE USAL Cuiab\u00e1","og_description":"[vc_row css_animation=\u00bb\u00bb row_type=\u00bbrow\u00bb use_row_as_full_screen_section=\u00bbno\u00bb type=\u00bbfull_width\u00bb angled_section=\u00bbno\u00bb text_align=\u00bbleft\u00bb background_image_as_pattern=\u00bbwithout_pattern\u00bb][vc_column][vc_column_text] BLOG ELE USAL CUIAB\u00c1 [\/vc_column_text][\/vc_column][\/vc_row]","og_url":"https:\/\/cuiaba.eleusal.com\/es\/blog\/","og_site_name":"ELE USAL Cuiab\u00e1","article_modified_time":"2021-06-04T08:27:39+00:00","twitter_card":"summary_large_image","schema":{"@context":"https:\/\/schema.org","@graph":[{"@type":"WebPage","@id":"https:\/\/cuiaba.eleusal.com\/es\/blog\/","url":"https:\/\/cuiaba.eleusal.com\/es\/blog\/","name":"Blog - ELE USAL Cuiab\u00e1","isPartOf":{"@id":"https:\/\/cuiaba.eleusal.com\/#website"},"datePublished":"2019-11-12T10:01:15+00:00","dateModified":"2021-06-04T08:27:39+00:00","breadcrumb":{"@id":"https:\/\/cuiaba.eleusal.com\/es\/blog\/#breadcrumb"},"inLanguage":"es","potentialAction":[{"@type":"ReadAction","target":["https:\/\/cuiaba.eleusal.com\/es\/blog\/"]}]},{"@type":"BreadcrumbList","@id":"https:\/\/cuiaba.eleusal.com\/es\/blog\/#breadcrumb","itemListElement":[{"@type":"ListItem","position":1,"name":"Home","item":"https:\/\/cuiaba.eleusal.com\/es\/"},{"@type":"ListItem","position":2,"name":"Blog"}]},{"@type":"WebSite","@id":"https:\/\/cuiaba.eleusal.com\/#website","url":"https:\/\/cuiaba.eleusal.com\/","name":"ELE USAL Cuiab\u00e1","description":"ELE USAL","potentialAction":[{"@type":"SearchAction","target":{"@type":"EntryPoint","urlTemplate":"https:\/\/cuiaba.eleusal.com\/?s={search_term_string}"},"query-input":{"@type":"PropertyValueSpecification","valueRequired":true,"valueName":"search_term_string"}}],"inLanguage":"es"}]}},"_links":{"self":[{"href":"https:\/\/cuiaba.eleusal.com\/es\/wp-json\/wp\/v2\/pages\/1109","targetHints":{"allow":["GET"]}}],"collection":[{"href":"https:\/\/cuiaba.eleusal.com\/es\/wp-json\/wp\/v2\/pages"}],"about":[{"href":"https:\/\/cuiaba.eleusal.com\/es\/wp-json\/wp\/v2\/types\/page"}],"author":[{"embeddable":true,"href":"https:\/\/cuiaba.eleusal.com\/es\/wp-json\/wp\/v2\/users\/3"}],"replies":[{"embeddable":true,"href":"https:\/\/cuiaba.eleusal.com\/es\/wp-json\/wp\/v2\/comments?post=1109"}],"version-history":[{"count":3,"href":"https:\/\/cuiaba.eleusal.com\/es\/wp-json\/wp\/v2\/pages\/1109\/revisions"}],"predecessor-version":[{"id":1665,"href":"https:\/\/cuiaba.eleusal.com\/es\/wp-json\/wp\/v2\/pages\/1109\/revisions\/1665"}],"wp:attachment":[{"href":"https:\/\/cuiaba.eleusal.com\/es\/wp-json\/wp\/v2\/media?parent=1109"}],"curies":[{"name":"wp","href":"https:\/\/api.w.org\/{rel}","templated":true}]}}